{"id":10101,"date":"2026-01-07T19:44:14","date_gmt":"2026-01-07T22:44:14","guid":{"rendered":"https:\/\/varietieseym.com.uy\/?post_type=product&#038;p=10101"},"modified":"2026-01-07T19:44:14","modified_gmt":"2026-01-07T22:44:14","slug":"serum-pestanas-mavala","status":"publish","type":"product","link":"https:\/\/varietieseym.com.uy\/index.php\/producto\/serum-pestanas-mavala\/","title":{"rendered":"Serum pesta\u00f1as Mavala"},"content":{"rendered":"<ul class=\"a-unordered-list a-vertical a-spacing-mini\">\n<li class=\"a-spacing-mini\"><span class=\"a-list-item\">Este serum es ideal para alargar, espesar y curvar las pesta\u00f1as. Un cuidado nutritivo que fortalece tus pesta\u00f1as de manera natural. Para unas cejas y pesta\u00f1as espectaculares<\/span><\/li>\n<li class=\"a-spacing-mini\"><span class=\"a-list-item\">Contiene un extracto natural rico en vitaminas y prote\u00ednas que refuerzan y fortalecen las pesta\u00f1as haci\u00e9ndolas m\u00e1s largas y fuertes. Har\u00e1 que las pesta\u00f1as est\u00e9n m\u00e1s largas y densas, convirti\u00e9ndolas en pesta\u00f1as m\u00e1s tupidas y sedosas<\/span><\/li>\n<li class=\"a-spacing-mini\"><span class=\"a-list-item\">Aplicar por la noche sobre las pesta\u00f1as limpias (y las cejas si fuera necesario), de la ra\u00edz al extremo. Dejar actuar toda la noche. No es necesario eliminar por la ma\u00f1ana. Usar a diario durante 2 meses como m\u00ednimo para unas pesta\u00f1as m\u00e1s largas, curvadas y densas<\/span><\/li>\n<\/ul>\n","protected":false},"excerpt":{"rendered":"<p>Este serum es ideal para alargar, espesar y curvar las pesta\u00f1as. Un cuidado nutritivo que fortalece tus pesta\u00f1as de manera natural. Para unas cejas y pesta\u00f1as espectaculares Contiene un extracto natural rico en vitaminas y prote\u00ednas que refuerzan y fortalecen las pesta\u00f1as haci\u00e9ndolas m\u00e1s largas y fuertes. Har\u00e1 que las pesta\u00f1as est\u00e9n m\u00e1s largas y &hellip;<\/p>\n<p class=\"read-more\"> <a class=\"\" href=\"https:\/\/varietieseym.com.uy\/index.php\/producto\/serum-pestanas-mavala\/\"> <span class=\"screen-reader-text\">Serum pesta\u00f1as Mavala<\/span> Leer m\u00e1s &raquo;<\/a><\/p>\n","protected":false},"featured_media":10106,"template":"","meta":{"_uag_custom_page_level_css":"","site-sidebar-layout":"default","site-content-layout":"","ast-site-content-layout":"default","site-content-style":"default","site-sidebar-style":"default","ast-global-header-display":"","ast-banner-title-visibility":"","ast-main-header-display":"","ast-hfb-above-header-display":"","ast-hfb-below-header-display":"","ast-hfb-mobile-header-display":"","site-post-title":"","ast-breadcrumbs-content":"","ast-featured-img":"","footer-sml-layout":"","theme-transparent-header-meta":"default","adv-header-id-meta":"","stick-header-meta":"","header-above-stick-meta":"","header-main-stick-meta":"","header-below-stick-meta":"","astra-migrate-meta-layouts":"set","_joinchat":[]},"product_brand":[],"product_cat":[248,147],"product_tag":[],"class_list":{"0":"post-10101","1":"product","2":"type-product","3":"status-publish","4":"has-post-thumbnail","6":"product_cat-serum","7":"product_cat-pestanas","8":"desktop-align-center","9":"tablet-align-left","10":"mobile-align-left","12":"first","13":"instock","14":"shipping-taxable","15":"purchasable","16":"product-type-simple"},"uagb_featured_image_src":{"full":["https:\/\/varietieseym.com.uy\/wp-content\/uploads\/2026\/01\/serum-pestanas-mavala-4.jpg",882,883,false],"thumbnail":["https:\/\/varietieseym.com.uy\/wp-content\/uploads\/2026\/01\/serum-pestanas-mavala-4-150x150.jpg",150,150,true],"medium":["https:\/\/varietieseym.com.uy\/wp-content\/uploads\/2026\/01\/serum-pestanas-mavala-4-300x300.jpg",300,300,true],"medium_large":["https:\/\/varietieseym.com.uy\/wp-content\/uploads\/2026\/01\/serum-pestanas-mavala-4-768x769.jpg",768,769,true],"large":["https:\/\/varietieseym.com.uy\/wp-content\/uploads\/2026\/01\/serum-pestanas-mavala-4.jpg",882,883,false],"1536x1536":["https:\/\/varietieseym.com.uy\/wp-content\/uploads\/2026\/01\/serum-pestanas-mavala-4.jpg",882,883,false],"2048x2048":["https:\/\/varietieseym.com.uy\/wp-content\/uploads\/2026\/01\/serum-pestanas-mavala-4.jpg",882,883,false],"woocommerce_thumbnail":["https:\/\/varietieseym.com.uy\/wp-content\/uploads\/2026\/01\/serum-pestanas-mavala-4-300x300.jpg",300,300,true],"woocommerce_single":["https:\/\/varietieseym.com.uy\/wp-content\/uploads\/2026\/01\/serum-pestanas-mavala-4-600x601.jpg",600,601,true],"woocommerce_gallery_thumbnail":["https:\/\/varietieseym.com.uy\/wp-content\/uploads\/2026\/01\/serum-pestanas-mavala-4-100x100.jpg",100,100,true]},"uagb_author_info":{"display_name":"Varietieseym","author_link":"https:\/\/varietieseym.com.uy\/index.php\/author\/"},"uagb_comment_info":0,"uagb_excerpt":"Este serum es ideal para alargar, espesar y curvar las pesta\u00f1as. Un cuidado nutritivo que fortalece tus pesta\u00f1as de manera natural. Para unas cejas y pesta\u00f1as espectaculares Contiene un extracto natural rico en vitaminas y prote\u00ednas que refuerzan y fortalecen las pesta\u00f1as haci\u00e9ndolas m\u00e1s largas y fuertes. Har\u00e1 que las pesta\u00f1as est\u00e9n m\u00e1s largas y&hellip;","_links":{"self":[{"href":"https:\/\/varietieseym.com.uy\/index.php\/wp-json\/wp\/v2\/product\/10101","targetHints":{"allow":["GET"]}}],"collection":[{"href":"https:\/\/varietieseym.com.uy\/index.php\/wp-json\/wp\/v2\/product"}],"about":[{"href":"https:\/\/varietieseym.com.uy\/index.php\/wp-json\/wp\/v2\/types\/product"}],"wp:featuredmedia":[{"embeddable":true,"href":"https:\/\/varietieseym.com.uy\/index.php\/wp-json\/wp\/v2\/media\/10106"}],"wp:attachment":[{"href":"https:\/\/varietieseym.com.uy\/index.php\/wp-json\/wp\/v2\/media?parent=10101"}],"wp:term":[{"taxonomy":"product_brand","embeddable":true,"href":"https:\/\/varietieseym.com.uy\/index.php\/wp-json\/wp\/v2\/product_brand?post=10101"},{"taxonomy":"product_cat","embeddable":true,"href":"https:\/\/varietieseym.com.uy\/index.php\/wp-json\/wp\/v2\/product_cat?post=10101"},{"taxonomy":"product_tag","embeddable":true,"href":"https:\/\/varietieseym.com.uy\/index.php\/wp-json\/wp\/v2\/product_tag?post=10101"}],"curies":[{"name":"wp","href":"https:\/\/api.w.org\/{rel}","templated":true}]}}